{"id":447,"date":"2017-01-23T10:32:06","date_gmt":"2017-01-23T09:32:06","guid":{"rendered":"https:\/\/wundpraxis-biel.ch\/?page_id=447\/"},"modified":"2024-12-18T10:46:02","modified_gmt":"2024-12-18T09:46:02","slug":"acces","status":"publish","type":"page","link":"https:\/\/wundpraxis-biel.ch\/fr\/acces\/","title":{"rendered":"Acc\u00e8s"},"content":{"rendered":"<div class=\"wpb-content-wrapper\"><p>[vc_row css=\u00a0\u00bb.vc_custom_1478101532980{margin-top: 0px !important;padding-top: 0px !important;}\u00a0\u00bb][vc_column][vc_gmaps link=\u00a0\u00bb#E-8_JTNDaWZyYW1lJTIwc3JjJTNEJTIyaHR0cHMlM0ElMkYlMkZ3d3cuZ29vZ2xlLmNvbSUyRm1hcHMlMkZlbWJlZCUzRnBiJTNEJTIxMW0xOCUyMTFtMTIlMjExbTMlMjExZDI3MTMuOTU3MzgyOTkyNzMzNSUyMTJkNy4yNDI5MjA4MTYwNDE5NDUlMjEzZDQ3LjEzOTEwMDk3OTE1NjQyNCUyMTJtMyUyMTFmMCUyMTJmMCUyMTNmMCUyMTNtMiUyMTFpMTAyNCUyMTJpNzY4JTIxNGYxMy4xJTIxM20zJTIxMW0yJTIxMXMweDQ3OGUxOTRkODI2NjU1NDUlMjUzQTB4YzdjY2I5MjQyZmQwOWYwZiUyMTJzRWlzZW5nYXNzZSUyQjExJTI1MkMlMkIyNTAyJTJCQmllbCUyMTVlMCUyMTNtMiUyMTFzZGUlMjEyc2NoJTIxNHYxNDc4MDc4MDM4MDU2JTIyJTIwd2lkdGglM0QlMjI2MDAlMjIlMjBoZWlnaHQlM0QlMjI1MzYlMjIlMjBmcmFtZWJvcmRlciUzRCUyMjAlMjIlMjBzdHlsZSUzRCUyMmJvcmRlciUzQTAlMjIlMjBhbGxvd2Z1bGxzY3JlZW4lM0UlM0MlMkZpZnJhbWUlM0U=\u00a0\u00bb][\/vc_column][\/vc_row][vc_row el_class=\u00a0\u00bbbox-sidebar content-anreise\u00a0\u00bb css=\u00a0\u00bb.vc_custom_1478188564976{padding-bottom: 0px !important;}\u00a0\u00bb][vc_column width=\u00a0\u00bb2\/3&Prime;][vc_column_text]<\/p>\n<h1>Acc\u00e8s<\/h1>\n<p>[\/vc_column_text][\/vc_column][vc_column width=\u00a0\u00bb1\/3&Prime;][\/vc_column][\/vc_row][vc_row el_class=\u00a0\u00bbbox-sidebar content-anreise\u00a0\u00bb css=\u00a0\u00bb.vc_custom_1478188559533{padding-top: 0px !important;}\u00a0\u00bb][vc_column width=\u00a0\u00bb2\/3&Prime;][vc_column_text]<strong>En voiture<br \/>\n<\/strong>En venant de Soleure, prendre la direction faubourg du Lac\u00a0jusqu\u2019au Pont-du-Moulin\u00a0; faire le tour du giratoire pour revenir en direction de Soleure\u00a0; apr\u00e8s une centaine de m\u00e8tres, \u00e0 la hauteur des feux, bifurquer \u00e0 droite (rue Molz) pour arriver au parking du CMB (Centre M\u00e9dical Bienne).<\/p>\n<p>En venant de Neuch\u00e2tel, prendre la direction du faubourg du Lac jusqu\u2019au giratoire du Pont-du-Moulin, continuer tout droit sur une centaine de m\u00e8tres jusqu\u2019\u00e0 la hauteur des feux et bifurquer \u00e0 droite (rue Molz) pour arriver au parking du CMB.<\/p>\n<p>Vous pouvez vous garer dans le parking du CMB.<\/p>\n<p>Notre cabinet se trouve au rez-de-chauss\u00e9e.<\/p>\n<p><strong>En bus<br \/>\n<\/strong>Lignes de bus 1, 5, 6, 8 ; descendre \u00e0 l\u2019arr\u00eat Pont-du-Moulin, prendre la direction sud pour arriver \u00e0 la rue de l\u2019Union ; acc\u00e8s par l\u2019entr\u00e9e lat\u00e9rale, chemin du Fer 11.<\/p>\n<p><strong>En train<br \/>\n<\/strong>Liaisons de bus depuis la gare.[\/vc_column_text][\/vc_column][vc_column width=\u00a0\u00bb1\/3&Prime;][vc_column_text css=\u00a0\u00bb.vc_custom_1485165784950{padding-top: 18px !important;padding-right: 28px !important;padding-bottom: 18px !important;padding-left: 28px !important;background-color: #d5e497 !important;border-radius: 10px !important;}\u00a0\u00bb el_class=\u00a0\u00bbbox\u00a0\u00bb]<strong>Cabinet de soins et de conseils pour le traitement de plaies <\/strong><br \/>\nRue du Fer 11<br \/>\n2502 Bienne<\/p>\n<p>T\u00e9l\u00e9phone: 032 344 46 62<br \/>\nCourriel: <a href=\"mailto:wundpraxis-biel@hin.ch\">wundpraxis-biel@hin.ch<\/a><\/p>\n<p><a href=\"https:\/\/wundpraxis-biel.ch\/wp-content\/uploads\/2017\/01\/wundpraxis-biel-Anfahrt_fr.pdf\" target=\"_blank\" rel=\"noopener noreferrer\">T\u00e9l\u00e9charger le plan d\u2019acc\u00e8s (PDF)<\/a>[\/vc_column_text][\/vc_column][\/vc_row][vc_row el_class=\u00a0\u00bbbox-sidebar content-anreise\u00a0\u00bb css=\u00a0\u00bb.vc_custom_1478188559533{padding-top: 0px !important;}\u00a0\u00bb][vc_column width=\u00a0\u00bb2\/3&Prime;][vc_single_image image=\u00a0\u00bb768&Prime; img_size=\u00a0\u00bbfull\u00a0\u00bb style=\u00a0\u00bbvc_box_rounded\u00a0\u00bb css=\u00a0\u00bb.vc_custom_1734515161240{margin-top: 40px !important;margin-bottom: 65px !important;}\u00a0\u00bb][\/vc_column][vc_column width=\u00a0\u00bb1\/3&Prime;][\/vc_column][\/vc_row]<\/p>\n<\/div>","protected":false},"excerpt":{"rendered":"<p>[vc_row css=\u00a0\u00bb.vc_custom_1478101532980{margin-top: 0px !important;padding-top: 0px !important;}\u00a0\u00bb][vc_column][vc_gmaps link=\u00a0\u00bb#E-8_JTNDaWZyYW1lJTIwc3JjJTNEJTIyaHR0cHMlM0ElMkYlMkZ3d3cuZ29vZ2xlLmNvbSUyRm1hcHMlMkZlbWJlZCUzRnBiJTNEJTIxMW0xOCUyMTFtMTIlMjExbTMlMjExZDI3MTMuOTU3MzgyOTkyNzMzNSUyMTJkNy4yNDI5MjA4MTYwNDE5NDUlMjEzZDQ3LjEzOTEwMDk3OTE1NjQyNCUyMTJtMyUyMTFmMCUyMTJmMCUyMTNmMCUyMTNtMiUyMTFpMTAyNCUyMTJpNzY4JTIxNGYxMy4xJTIxM20zJTIxMW0yJTIxMXMweDQ3OGUxOTRkODI2NjU1NDUlMjUzQTB4YzdjY2I5MjQyZmQwOWYwZiUyMTJzRWlzZW5nYXNzZSUyQjExJTI1MkMlMkIyNTAyJTJCQmllbCUyMTVlMCUyMTNtMiUyMTFzZGUlMjEyc2NoJTIxNHYxNDc4MDc4MDM4MDU2JTIyJTIwd2lkdGglM0QlMjI2MDAlMjIlMjBoZWlnaHQlM0QlMjI1MzYlMjIlMjBmcmFtZWJvcmRlciUzRCUyMjAlMjIlMjBzdHlsZSUzRCUyMmJvcmRlciUzQTAlMjIlMjBhbGxvd2Z1bGxzY3JlZW4lM0UlM0MlMkZpZnJhbWUlM0U=\u00a0\u00bb][\/vc_column][\/vc_row][vc_row el_class=\u00a0\u00bbbox-sidebar content-anreise\u00a0\u00bb css=\u00a0\u00bb.vc_custom_1478188564976{padding-bottom: 0px !important;}\u00a0\u00bb][vc_column width=\u00a0\u00bb2\/3&Prime;][vc_column_text] Acc\u00e8s [\/vc_column_text][\/vc_column][vc_column width=\u00a0\u00bb1\/3&Prime;][\/vc_column][\/vc_row][vc_row el_class=\u00a0\u00bbbox-sidebar content-anreise\u00a0\u00bb css=\u00a0\u00bb.vc_custom_1478188559533{padding-top: 0px !important;}\u00a0\u00bb][vc_column width=\u00a0\u00bb2\/3&Prime;][vc_column_text]En voiture En venant de Soleure, prendre la direction faubourg du Lac\u00a0jusqu\u2019au Pont-du-Moulin\u00a0; faire le tour du giratoire pour revenir en direction de Soleure\u00a0; apr\u00e8s une centaine de m\u00e8tres, \u00e0 la hauteur des feux, &#8230; <a title=\"Acc\u00e8s\" class=\"read-more\" href=\"https:\/\/wundpraxis-biel.ch\/fr\/acces\/\" aria-label=\"En savoir plus sur Acc\u00e8s\">Lire la suite<\/a><\/p>\n","protected":false},"author":1,"featured_media":0,"parent":0,"menu_order":60,"comment_status":"closed","ping_status":"closed","template":"","meta":{"footnotes":""},"class_list":["post-447","page","type-page","status-publish"],"yoast_head":"<!-- This site is optimized with the Yoast SEO plugin v27.0 - https:\/\/yoast.com\/product\/yoast-seo-wordpress\/ -->\n<title>Acc\u00e8s &#8211; Wundpraxis Biel<\/title>\n<meta name=\"robots\" content=\"index, follow, max-snippet:-1, max-image-preview:large, max-video-preview:-1\" \/>\n<link rel=\"canonical\" href=\"https:\/\/wundpraxis-biel.ch\/fr\/acces\/\" \/>\n<meta property=\"og:locale\" content=\"fr_FR\" \/>\n<meta property=\"og:type\" content=\"article\" \/>\n<meta property=\"og:title\" content=\"Acc\u00e8s &#8211; Wundpraxis Biel\" \/>\n<meta property=\"og:description\" content=\"[vc_row css=\u00a0\u00bb.vc_custom_1478101532980{margin-top: 0px !important;padding-top: 0px !important;}\u00a0\u00bb][vc_column][vc_gmaps link=\u00a0\u00bb#E-8_JTNDaWZyYW1lJTIwc3JjJTNEJTIyaHR0cHMlM0ElMkYlMkZ3d3cuZ29vZ2xlLmNvbSUyRm1hcHMlMkZlbWJlZCUzRnBiJTNEJTIxMW0xOCUyMTFtMTIlMjExbTMlMjExZDI3MTMuOTU3MzgyOTkyNzMzNSUyMTJkNy4yNDI5MjA4MTYwNDE5NDUlMjEzZDQ3LjEzOTEwMDk3OTE1NjQyNCUyMTJtMyUyMTFmMCUyMTJmMCUyMTNmMCUyMTNtMiUyMTFpMTAyNCUyMTJpNzY4JTIxNGYxMy4xJTIxM20zJTIxMW0yJTIxMXMweDQ3OGUxOTRkODI2NjU1NDUlMjUzQTB4YzdjY2I5MjQyZmQwOWYwZiUyMTJzRWlzZW5nYXNzZSUyQjExJTI1MkMlMkIyNTAyJTJCQmllbCUyMTVlMCUyMTNtMiUyMTFzZGUlMjEyc2NoJTIxNHYxNDc4MDc4MDM4MDU2JTIyJTIwd2lkdGglM0QlMjI2MDAlMjIlMjBoZWlnaHQlM0QlMjI1MzYlMjIlMjBmcmFtZWJvcmRlciUzRCUyMjAlMjIlMjBzdHlsZSUzRCUyMmJvcmRlciUzQTAlMjIlMjBhbGxvd2Z1bGxzY3JlZW4lM0UlM0MlMkZpZnJhbWUlM0U=\u00a0\u00bb][\/vc_column][\/vc_row][vc_row el_class=\u00a0\u00bbbox-sidebar content-anreise\u00a0\u00bb css=\u00a0\u00bb.vc_custom_1478188564976{padding-bottom: 0px !important;}\u00a0\u00bb][vc_column width=\u00a0\u00bb2\/3&Prime;][vc_column_text] Acc\u00e8s [\/vc_column_text][\/vc_column][vc_column width=\u00a0\u00bb1\/3&Prime;][\/vc_column][\/vc_row][vc_row el_class=\u00a0\u00bbbox-sidebar content-anreise\u00a0\u00bb css=\u00a0\u00bb.vc_custom_1478188559533{padding-top: 0px !important;}\u00a0\u00bb][vc_column width=\u00a0\u00bb2\/3&Prime;][vc_column_text]En voiture En venant de Soleure, prendre la direction faubourg du Lac\u00a0jusqu\u2019au Pont-du-Moulin\u00a0; faire le tour du giratoire pour revenir en direction de Soleure\u00a0; apr\u00e8s une centaine de m\u00e8tres, \u00e0 la hauteur des feux, ... Lire la suite\" \/>\n<meta property=\"og:url\" content=\"https:\/\/wundpraxis-biel.ch\/fr\/acces\/\" \/>\n<meta property=\"og:site_name\" content=\"Wundpraxis Biel\" \/>\n<meta property=\"article:modified_time\" content=\"2024-12-18T09:46:02+00:00\" \/>\n<meta name=\"twitter:card\" content=\"summary_large_image\" \/>\n<meta name=\"twitter:label1\" content=\"Dur\u00e9e de lecture estim\u00e9e\" \/>\n\t<meta name=\"twitter:data1\" content=\"2 minutes\" \/>\n<script type=\"application\/ld+json\" class=\"yoast-schema-graph\">{\"@context\":\"https:\/\/schema.org\",\"@graph\":[{\"@type\":\"WebPage\",\"@id\":\"https:\/\/wundpraxis-biel.ch\/fr\/acces\/\",\"url\":\"https:\/\/wundpraxis-biel.ch\/fr\/acces\/\",\"name\":\"Acc\u00e8s &#8211; Wundpraxis Biel\",\"isPartOf\":{\"@id\":\"https:\/\/wundpraxis-biel.ch\/#website\"},\"datePublished\":\"2017-01-23T09:32:06+00:00\",\"dateModified\":\"2024-12-18T09:46:02+00:00\",\"breadcrumb\":{\"@id\":\"https:\/\/wundpraxis-biel.ch\/fr\/acces\/#breadcrumb\"},\"inLanguage\":\"fr-FR\",\"potentialAction\":[{\"@type\":\"ReadAction\",\"target\":[\"https:\/\/wundpraxis-biel.ch\/fr\/acces\/\"]}]},{\"@type\":\"BreadcrumbList\",\"@id\":\"https:\/\/wundpraxis-biel.ch\/fr\/acces\/#breadcrumb\",\"itemListElement\":[{\"@type\":\"ListItem\",\"position\":1,\"name\":\"Startseite\",\"item\":\"https:\/\/wundpraxis-biel.ch\/fr\/presentation\/\"},{\"@type\":\"ListItem\",\"position\":2,\"name\":\"Acc\u00e8s\"}]},{\"@type\":\"WebSite\",\"@id\":\"https:\/\/wundpraxis-biel.ch\/#website\",\"url\":\"https:\/\/wundpraxis-biel.ch\/\",\"name\":\"Wundpraxis Biel\",\"description\":\"\",\"publisher\":{\"@id\":\"https:\/\/wundpraxis-biel.ch\/#organization\"},\"potentialAction\":[{\"@type\":\"SearchAction\",\"target\":{\"@type\":\"EntryPoint\",\"urlTemplate\":\"https:\/\/wundpraxis-biel.ch\/?s={search_term_string}\"},\"query-input\":{\"@type\":\"PropertyValueSpecification\",\"valueRequired\":true,\"valueName\":\"search_term_string\"}}],\"inLanguage\":\"fr-FR\"},{\"@type\":\"Organization\",\"@id\":\"https:\/\/wundpraxis-biel.ch\/#organization\",\"name\":\"Wundpraxis Biel\",\"url\":\"https:\/\/wundpraxis-biel.ch\/\",\"logo\":{\"@type\":\"ImageObject\",\"inLanguage\":\"fr-FR\",\"@id\":\"https:\/\/wundpraxis-biel.ch\/#\/schema\/logo\/image\/\",\"url\":\"https:\/\/wundpraxis-biel.ch\/wp-content\/uploads\/2016\/10\/Wundpraxis_Biel.png\",\"contentUrl\":\"https:\/\/wundpraxis-biel.ch\/wp-content\/uploads\/2016\/10\/Wundpraxis_Biel.png\",\"width\":417,\"height\":66,\"caption\":\"Wundpraxis Biel\"},\"image\":{\"@id\":\"https:\/\/wundpraxis-biel.ch\/#\/schema\/logo\/image\/\"}}]}<\/script>\n<!-- \/ Yoast SEO plugin. -->","yoast_head_json":{"title":"Acc\u00e8s &#8211; Wundpraxis Biel","robots":{"index":"index","follow":"follow","max-snippet":"max-snippet:-1","max-image-preview":"max-image-preview:large","max-video-preview":"max-video-preview:-1"},"canonical":"https:\/\/wundpraxis-biel.ch\/fr\/acces\/","og_locale":"fr_FR","og_type":"article","og_title":"Acc\u00e8s &#8211; Wundpraxis Biel","og_description":"[vc_row css=\u00a0\u00bb.vc_custom_1478101532980{margin-top: 0px !important;padding-top: 0px !important;}\u00a0\u00bb][vc_column][vc_gmaps link=\u00a0\u00bb#E-8_JTNDaWZyYW1lJTIwc3JjJTNEJTIyaHR0cHMlM0ElMkYlMkZ3d3cuZ29vZ2xlLmNvbSUyRm1hcHMlMkZlbWJlZCUzRnBiJTNEJTIxMW0xOCUyMTFtMTIlMjExbTMlMjExZDI3MTMuOTU3MzgyOTkyNzMzNSUyMTJkNy4yNDI5MjA4MTYwNDE5NDUlMjEzZDQ3LjEzOTEwMDk3OTE1NjQyNCUyMTJtMyUyMTFmMCUyMTJmMCUyMTNmMCUyMTNtMiUyMTFpMTAyNCUyMTJpNzY4JTIxNGYxMy4xJTIxM20zJTIxMW0yJTIxMXMweDQ3OGUxOTRkODI2NjU1NDUlMjUzQTB4YzdjY2I5MjQyZmQwOWYwZiUyMTJzRWlzZW5nYXNzZSUyQjExJTI1MkMlMkIyNTAyJTJCQmllbCUyMTVlMCUyMTNtMiUyMTFzZGUlMjEyc2NoJTIxNHYxNDc4MDc4MDM4MDU2JTIyJTIwd2lkdGglM0QlMjI2MDAlMjIlMjBoZWlnaHQlM0QlMjI1MzYlMjIlMjBmcmFtZWJvcmRlciUzRCUyMjAlMjIlMjBzdHlsZSUzRCUyMmJvcmRlciUzQTAlMjIlMjBhbGxvd2Z1bGxzY3JlZW4lM0UlM0MlMkZpZnJhbWUlM0U=\u00a0\u00bb][\/vc_column][\/vc_row][vc_row el_class=\u00a0\u00bbbox-sidebar content-anreise\u00a0\u00bb css=\u00a0\u00bb.vc_custom_1478188564976{padding-bottom: 0px !important;}\u00a0\u00bb][vc_column width=\u00a0\u00bb2\/3&Prime;][vc_column_text] Acc\u00e8s [\/vc_column_text][\/vc_column][vc_column width=\u00a0\u00bb1\/3&Prime;][\/vc_column][\/vc_row][vc_row el_class=\u00a0\u00bbbox-sidebar content-anreise\u00a0\u00bb css=\u00a0\u00bb.vc_custom_1478188559533{padding-top: 0px !important;}\u00a0\u00bb][vc_column width=\u00a0\u00bb2\/3&Prime;][vc_column_text]En voiture En venant de Soleure, prendre la direction faubourg du Lac\u00a0jusqu\u2019au Pont-du-Moulin\u00a0; faire le tour du giratoire pour revenir en direction de Soleure\u00a0; apr\u00e8s une centaine de m\u00e8tres, \u00e0 la hauteur des feux, ... Lire la suite","og_url":"https:\/\/wundpraxis-biel.ch\/fr\/acces\/","og_site_name":"Wundpraxis Biel","article_modified_time":"2024-12-18T09:46:02+00:00","twitter_card":"summary_large_image","twitter_misc":{"Dur\u00e9e de lecture estim\u00e9e":"2 minutes"},"schema":{"@context":"https:\/\/schema.org","@graph":[{"@type":"WebPage","@id":"https:\/\/wundpraxis-biel.ch\/fr\/acces\/","url":"https:\/\/wundpraxis-biel.ch\/fr\/acces\/","name":"Acc\u00e8s &#8211; Wundpraxis Biel","isPartOf":{"@id":"https:\/\/wundpraxis-biel.ch\/#website"},"datePublished":"2017-01-23T09:32:06+00:00","dateModified":"2024-12-18T09:46:02+00:00","breadcrumb":{"@id":"https:\/\/wundpraxis-biel.ch\/fr\/acces\/#breadcrumb"},"inLanguage":"fr-FR","potentialAction":[{"@type":"ReadAction","target":["https:\/\/wundpraxis-biel.ch\/fr\/acces\/"]}]},{"@type":"BreadcrumbList","@id":"https:\/\/wundpraxis-biel.ch\/fr\/acces\/#breadcrumb","itemListElement":[{"@type":"ListItem","position":1,"name":"Startseite","item":"https:\/\/wundpraxis-biel.ch\/fr\/presentation\/"},{"@type":"ListItem","position":2,"name":"Acc\u00e8s"}]},{"@type":"WebSite","@id":"https:\/\/wundpraxis-biel.ch\/#website","url":"https:\/\/wundpraxis-biel.ch\/","name":"Wundpraxis Biel","description":"","publisher":{"@id":"https:\/\/wundpraxis-biel.ch\/#organization"},"potentialAction":[{"@type":"SearchAction","target":{"@type":"EntryPoint","urlTemplate":"https:\/\/wundpraxis-biel.ch\/?s={search_term_string}"},"query-input":{"@type":"PropertyValueSpecification","valueRequired":true,"valueName":"search_term_string"}}],"inLanguage":"fr-FR"},{"@type":"Organization","@id":"https:\/\/wundpraxis-biel.ch\/#organization","name":"Wundpraxis Biel","url":"https:\/\/wundpraxis-biel.ch\/","logo":{"@type":"ImageObject","inLanguage":"fr-FR","@id":"https:\/\/wundpraxis-biel.ch\/#\/schema\/logo\/image\/","url":"https:\/\/wundpraxis-biel.ch\/wp-content\/uploads\/2016\/10\/Wundpraxis_Biel.png","contentUrl":"https:\/\/wundpraxis-biel.ch\/wp-content\/uploads\/2016\/10\/Wundpraxis_Biel.png","width":417,"height":66,"caption":"Wundpraxis Biel"},"image":{"@id":"https:\/\/wundpraxis-biel.ch\/#\/schema\/logo\/image\/"}}]}},"_links":{"self":[{"href":"https:\/\/wundpraxis-biel.ch\/fr\/wp-json\/wp\/v2\/pages\/447","targetHints":{"allow":["GET"]}}],"collection":[{"href":"https:\/\/wundpraxis-biel.ch\/fr\/wp-json\/wp\/v2\/pages"}],"about":[{"href":"https:\/\/wundpraxis-biel.ch\/fr\/wp-json\/wp\/v2\/types\/page"}],"author":[{"embeddable":true,"href":"https:\/\/wundpraxis-biel.ch\/fr\/wp-json\/wp\/v2\/users\/1"}],"replies":[{"embeddable":true,"href":"https:\/\/wundpraxis-biel.ch\/fr\/wp-json\/wp\/v2\/comments?post=447"}],"version-history":[{"count":10,"href":"https:\/\/wundpraxis-biel.ch\/fr\/wp-json\/wp\/v2\/pages\/447\/revisions"}],"predecessor-version":[{"id":797,"href":"https:\/\/wundpraxis-biel.ch\/fr\/wp-json\/wp\/v2\/pages\/447\/revisions\/797"}],"wp:attachment":[{"href":"https:\/\/wundpraxis-biel.ch\/fr\/wp-json\/wp\/v2\/media?parent=447"}],"curies":[{"name":"wp","href":"https:\/\/api.w.org\/{rel}","templated":true}]}}