{"id":419,"date":"2017-01-23T09:50:49","date_gmt":"2017-01-23T08:50:49","guid":{"rendered":"https:\/\/wundpraxis-biel.ch\/?page_id=419"},"modified":"2025-12-01T08:30:57","modified_gmt":"2025-12-01T07:30:57","slug":"portraits","status":"publish","type":"page","link":"https:\/\/wundpraxis-biel.ch\/fr\/portraits\/","title":{"rendered":"Portraits"},"content":{"rendered":"<div class=\"wpb-content-wrapper\"><p>[vc_row css=\u00a0\u00bb.vc_custom_1478100836256{margin-top: 60px !important;}\u00a0\u00bb][vc_column width=\u00a0\u00bb1\/4&Prime;][vc_single_image image=\u00a0\u00bb829&Prime; img_size=\u00a0\u00bbfull\u00a0\u00bb css=\u00a0\u00bb\u00a0\u00bb][\/vc_column][vc_column width=\u00a0\u00bb3\/4&Prime;][vc_row_inner][vc_column_inner][vc_column_text css=\u00a0\u00bb\u00a0\u00bb]<\/p>\n<h2>Susanne Wigger<\/h2>\n<p>Infirmi\u00e8re ES, experte en soins de plaies SAfW, P\u00e9dicure dipl\u00f4m\u00e9e, Sp\u00e9cialiste en EPI (soins des pieds pour les patients oncologiques)<\/p>\n<p class=\"kein-abstand\"><strong>Formation<\/strong><\/p>\n<ul class=\"portraitlist\">\n<li><span class=\"time\">2016<\/span> Formation de p\u00e9dicure dipl\u00f4m\u00e9e<\/li>\n<li><span class=\"time\">2014 \u2013 2015<\/span> Formation en leadership, H-plus Aarau<\/li>\n<li><span class=\"time\">2012 \u2013 2013<\/span> Formation d\u2019experte en soins de plaies dipl\u00f4m\u00e9e SAfW<\/li>\n<li><span class=\"time\">1983 \u2013 1986<\/span> Formation d\u2019infirmi\u00e8re dipl\u00f4m\u00e9e HMP, Schule f\u00fcr Kinderkrankenpflege, H\u00f4pital de l\u2019\u00cele, Berne<\/li>\n<li><span class=\"time\">1996 \u2013 2012<\/span> Formations et perfectionnements professionnels divers<\/li>\n<\/ul>\n<p class=\"kein-abstand\"><strong>Activit\u00e9 professionnelle<\/strong><\/p>\n<ul class=\"portraitlist\">\n<li><span class=\"time\">2015<\/span> Ouverture du cabinet de soins et de conseils pour le traitement de plaies<br \/>\nDepuis d\u00e9but 2015 Soins et conseils pour le traitement de plaies\u00a0; activit\u00e9 ind\u00e9pendante dans le domaine des soins ambulatoires (canton de Soleure, canton de Berne)<\/li>\n<li><span class=\"time\">2013 \u2013 2015<\/span> Fondation Lindenhof, Langenthal, infirmi\u00e8re-cheffe d\u2019unit\u00e9 de soins, sp\u00e9cialiste en soins de plaies<\/li>\n<li><span class=\"time\">2010 \u2013 2013<\/span> Spitex Biberist, responsable adjointe, sp\u00e9cialiste en soins de plaies<\/li>\n<li><span class=\"time\">2000 \u2013 2010<\/span> Spitex Biberist, responsable adjointe, sp\u00e9cialiste en soins de plaies<\/li>\n<li><span class=\"time\">1999 \u2013 2000<\/span> Unit\u00e9 sanitaire, Stahl Gerlafingen AG<\/li>\n<li><span class=\"time\">1997 \u2013 1999<\/span> H\u00f4pital de Jegenstorf, chirurgie et clinique de semaine (s\u00e9jours de br\u00e8ve dur\u00e9e)<\/li>\n<li><span class=\"time\">1986 \u2013 1997<\/span> H\u00f4pital de Jegenstorf, chirurgie<\/li>\n<\/ul>\n<p class=\"kein-abstand\"><strong>Affiliations<\/strong><\/p>\n<ul>\n<li>SAfW (Association suisse de traitement des plaies)<\/li>\n<li>SFPV (Association suisse des soins des pieds)<\/li>\n<li>ASI<\/li>\n<li>Groupe d\u2019int\u00e9r\u00eats communs des infirmi\u00e8res et infirmiers ind\u00e9pendants (canton de Berne)<\/li>\n<li>Wundnetz Bern<\/li>\n<\/ul>\n<p>[\/vc_column_text][\/vc_column_inner][\/vc_row_inner][\/vc_column][\/vc_row]<\/p>\n<\/div>","protected":false},"excerpt":{"rendered":"<p>[vc_row css=\u00a0\u00bb.vc_custom_1478100836256{margin-top: 60px !important;}\u00a0\u00bb][vc_column width=\u00a0\u00bb1\/4&Prime;][vc_single_image image=\u00a0\u00bb829&Prime; img_size=\u00a0\u00bbfull\u00a0\u00bb css=\u00a0\u00bb\u00a0\u00bb][\/vc_column][vc_column width=\u00a0\u00bb3\/4&Prime;][vc_row_inner][vc_column_inner][vc_column_text css=\u00a0\u00bb\u00a0\u00bb] Susanne Wigger Infirmi\u00e8re ES, experte en soins de plaies SAfW, P\u00e9dicure dipl\u00f4m\u00e9e, Sp\u00e9cialiste en EPI (soins des pieds pour les patients oncologiques) Formation 2016 Formation de p\u00e9dicure dipl\u00f4m\u00e9e 2014 \u2013 2015 Formation en leadership, H-plus Aarau 2012 \u2013 2013 Formation d\u2019experte en soins de plaies &#8230; <a title=\"Portraits\" class=\"read-more\" href=\"https:\/\/wundpraxis-biel.ch\/fr\/portraits\/\" aria-label=\"En savoir plus sur Portraits\">Lire la suite<\/a><\/p>\n","protected":false},"author":1,"featured_media":794,"parent":0,"menu_order":10,"comment_status":"closed","ping_status":"closed","template":"","meta":{"footnotes":""},"class_list":["post-419","page","type-page","status-publish","has-post-thumbnail"],"yoast_head":"<!-- This site is optimized with the Yoast SEO plugin v27.0 - https:\/\/yoast.com\/product\/yoast-seo-wordpress\/ -->\n<title>Portraits &#8211; Wundpraxis Biel<\/title>\n<meta name=\"robots\" content=\"index, follow, max-snippet:-1, max-image-preview:large, max-video-preview:-1\" \/>\n<link rel=\"canonical\" href=\"https:\/\/wundpraxis-biel.ch\/fr\/portraits\/\" \/>\n<meta property=\"og:locale\" content=\"fr_FR\" \/>\n<meta property=\"og:type\" content=\"article\" \/>\n<meta property=\"og:title\" content=\"Portraits &#8211; Wundpraxis Biel\" \/>\n<meta property=\"og:description\" content=\"[vc_row css=\u00a0\u00bb.vc_custom_1478100836256{margin-top: 60px !important;}\u00a0\u00bb][vc_column width=\u00a0\u00bb1\/4&Prime;][vc_single_image image=\u00a0\u00bb829&Prime; img_size=\u00a0\u00bbfull\u00a0\u00bb css=\u00a0\u00bb\u00a0\u00bb][\/vc_column][vc_column width=\u00a0\u00bb3\/4&Prime;][vc_row_inner][vc_column_inner][vc_column_text css=\u00a0\u00bb\u00a0\u00bb] Susanne Wigger Infirmi\u00e8re ES, experte en soins de plaies SAfW, P\u00e9dicure dipl\u00f4m\u00e9e, Sp\u00e9cialiste en EPI (soins des pieds pour les patients oncologiques) Formation 2016 Formation de p\u00e9dicure dipl\u00f4m\u00e9e 2014 \u2013 2015 Formation en leadership, H-plus Aarau 2012 \u2013 2013 Formation d\u2019experte en soins de plaies ... Lire la suite\" \/>\n<meta property=\"og:url\" content=\"https:\/\/wundpraxis-biel.ch\/fr\/portraits\/\" \/>\n<meta property=\"og:site_name\" content=\"Wundpraxis Biel\" \/>\n<meta property=\"article:modified_time\" content=\"2025-12-01T07:30:57+00:00\" \/>\n<meta property=\"og:image\" content=\"https:\/\/wundpraxis-biel.ch\/wp-content\/uploads\/2024\/12\/Portraet-0235-1.webp\" \/>\n\t<meta property=\"og:image:width\" content=\"1920\" \/>\n\t<meta property=\"og:image:height\" content=\"823\" \/>\n\t<meta property=\"og:image:type\" content=\"image\/webp\" \/>\n<meta name=\"twitter:card\" content=\"summary_large_image\" \/>\n<meta name=\"twitter:label1\" content=\"Dur\u00e9e de lecture estim\u00e9e\" \/>\n\t<meta name=\"twitter:data1\" content=\"2 minutes\" \/>\n<script type=\"application\/ld+json\" class=\"yoast-schema-graph\">{\"@context\":\"https:\/\/schema.org\",\"@graph\":[{\"@type\":\"WebPage\",\"@id\":\"https:\/\/wundpraxis-biel.ch\/fr\/portraits\/\",\"url\":\"https:\/\/wundpraxis-biel.ch\/fr\/portraits\/\",\"name\":\"Portraits &#8211; Wundpraxis Biel\",\"isPartOf\":{\"@id\":\"https:\/\/wundpraxis-biel.ch\/#website\"},\"primaryImageOfPage\":{\"@id\":\"https:\/\/wundpraxis-biel.ch\/fr\/portraits\/#primaryimage\"},\"image\":{\"@id\":\"https:\/\/wundpraxis-biel.ch\/fr\/portraits\/#primaryimage\"},\"thumbnailUrl\":\"https:\/\/wundpraxis-biel.ch\/wp-content\/uploads\/2024\/12\/Portraet-0235-1.webp\",\"datePublished\":\"2017-01-23T08:50:49+00:00\",\"dateModified\":\"2025-12-01T07:30:57+00:00\",\"breadcrumb\":{\"@id\":\"https:\/\/wundpraxis-biel.ch\/fr\/portraits\/#breadcrumb\"},\"inLanguage\":\"fr-FR\",\"potentialAction\":[{\"@type\":\"ReadAction\",\"target\":[\"https:\/\/wundpraxis-biel.ch\/fr\/portraits\/\"]}]},{\"@type\":\"ImageObject\",\"inLanguage\":\"fr-FR\",\"@id\":\"https:\/\/wundpraxis-biel.ch\/fr\/portraits\/#primaryimage\",\"url\":\"https:\/\/wundpraxis-biel.ch\/wp-content\/uploads\/2024\/12\/Portraet-0235-1.webp\",\"contentUrl\":\"https:\/\/wundpraxis-biel.ch\/wp-content\/uploads\/2024\/12\/Portraet-0235-1.webp\",\"width\":1920,\"height\":823},{\"@type\":\"BreadcrumbList\",\"@id\":\"https:\/\/wundpraxis-biel.ch\/fr\/portraits\/#breadcrumb\",\"itemListElement\":[{\"@type\":\"ListItem\",\"position\":1,\"name\":\"Startseite\",\"item\":\"https:\/\/wundpraxis-biel.ch\/fr\/presentation\/\"},{\"@type\":\"ListItem\",\"position\":2,\"name\":\"Portraits\"}]},{\"@type\":\"WebSite\",\"@id\":\"https:\/\/wundpraxis-biel.ch\/#website\",\"url\":\"https:\/\/wundpraxis-biel.ch\/\",\"name\":\"Wundpraxis Biel\",\"description\":\"\",\"publisher\":{\"@id\":\"https:\/\/wundpraxis-biel.ch\/#organization\"},\"potentialAction\":[{\"@type\":\"SearchAction\",\"target\":{\"@type\":\"EntryPoint\",\"urlTemplate\":\"https:\/\/wundpraxis-biel.ch\/?s={search_term_string}\"},\"query-input\":{\"@type\":\"PropertyValueSpecification\",\"valueRequired\":true,\"valueName\":\"search_term_string\"}}],\"inLanguage\":\"fr-FR\"},{\"@type\":\"Organization\",\"@id\":\"https:\/\/wundpraxis-biel.ch\/#organization\",\"name\":\"Wundpraxis Biel\",\"url\":\"https:\/\/wundpraxis-biel.ch\/\",\"logo\":{\"@type\":\"ImageObject\",\"inLanguage\":\"fr-FR\",\"@id\":\"https:\/\/wundpraxis-biel.ch\/#\/schema\/logo\/image\/\",\"url\":\"https:\/\/wundpraxis-biel.ch\/wp-content\/uploads\/2016\/10\/Wundpraxis_Biel.png\",\"contentUrl\":\"https:\/\/wundpraxis-biel.ch\/wp-content\/uploads\/2016\/10\/Wundpraxis_Biel.png\",\"width\":417,\"height\":66,\"caption\":\"Wundpraxis Biel\"},\"image\":{\"@id\":\"https:\/\/wundpraxis-biel.ch\/#\/schema\/logo\/image\/\"}}]}<\/script>\n<!-- \/ Yoast SEO plugin. -->","yoast_head_json":{"title":"Portraits &#8211; Wundpraxis Biel","robots":{"index":"index","follow":"follow","max-snippet":"max-snippet:-1","max-image-preview":"max-image-preview:large","max-video-preview":"max-video-preview:-1"},"canonical":"https:\/\/wundpraxis-biel.ch\/fr\/portraits\/","og_locale":"fr_FR","og_type":"article","og_title":"Portraits &#8211; Wundpraxis Biel","og_description":"[vc_row css=\u00a0\u00bb.vc_custom_1478100836256{margin-top: 60px !important;}\u00a0\u00bb][vc_column width=\u00a0\u00bb1\/4&Prime;][vc_single_image image=\u00a0\u00bb829&Prime; img_size=\u00a0\u00bbfull\u00a0\u00bb css=\u00a0\u00bb\u00a0\u00bb][\/vc_column][vc_column width=\u00a0\u00bb3\/4&Prime;][vc_row_inner][vc_column_inner][vc_column_text css=\u00a0\u00bb\u00a0\u00bb] Susanne Wigger Infirmi\u00e8re ES, experte en soins de plaies SAfW, P\u00e9dicure dipl\u00f4m\u00e9e, Sp\u00e9cialiste en EPI (soins des pieds pour les patients oncologiques) Formation 2016 Formation de p\u00e9dicure dipl\u00f4m\u00e9e 2014 \u2013 2015 Formation en leadership, H-plus Aarau 2012 \u2013 2013 Formation d\u2019experte en soins de plaies ... Lire la suite","og_url":"https:\/\/wundpraxis-biel.ch\/fr\/portraits\/","og_site_name":"Wundpraxis Biel","article_modified_time":"2025-12-01T07:30:57+00:00","og_image":[{"width":1920,"height":823,"url":"https:\/\/wundpraxis-biel.ch\/wp-content\/uploads\/2024\/12\/Portraet-0235-1.webp","type":"image\/webp"}],"twitter_card":"summary_large_image","twitter_misc":{"Dur\u00e9e de lecture estim\u00e9e":"2 minutes"},"schema":{"@context":"https:\/\/schema.org","@graph":[{"@type":"WebPage","@id":"https:\/\/wundpraxis-biel.ch\/fr\/portraits\/","url":"https:\/\/wundpraxis-biel.ch\/fr\/portraits\/","name":"Portraits &#8211; Wundpraxis Biel","isPartOf":{"@id":"https:\/\/wundpraxis-biel.ch\/#website"},"primaryImageOfPage":{"@id":"https:\/\/wundpraxis-biel.ch\/fr\/portraits\/#primaryimage"},"image":{"@id":"https:\/\/wundpraxis-biel.ch\/fr\/portraits\/#primaryimage"},"thumbnailUrl":"https:\/\/wundpraxis-biel.ch\/wp-content\/uploads\/2024\/12\/Portraet-0235-1.webp","datePublished":"2017-01-23T08:50:49+00:00","dateModified":"2025-12-01T07:30:57+00:00","breadcrumb":{"@id":"https:\/\/wundpraxis-biel.ch\/fr\/portraits\/#breadcrumb"},"inLanguage":"fr-FR","potentialAction":[{"@type":"ReadAction","target":["https:\/\/wundpraxis-biel.ch\/fr\/portraits\/"]}]},{"@type":"ImageObject","inLanguage":"fr-FR","@id":"https:\/\/wundpraxis-biel.ch\/fr\/portraits\/#primaryimage","url":"https:\/\/wundpraxis-biel.ch\/wp-content\/uploads\/2024\/12\/Portraet-0235-1.webp","contentUrl":"https:\/\/wundpraxis-biel.ch\/wp-content\/uploads\/2024\/12\/Portraet-0235-1.webp","width":1920,"height":823},{"@type":"BreadcrumbList","@id":"https:\/\/wundpraxis-biel.ch\/fr\/portraits\/#breadcrumb","itemListElement":[{"@type":"ListItem","position":1,"name":"Startseite","item":"https:\/\/wundpraxis-biel.ch\/fr\/presentation\/"},{"@type":"ListItem","position":2,"name":"Portraits"}]},{"@type":"WebSite","@id":"https:\/\/wundpraxis-biel.ch\/#website","url":"https:\/\/wundpraxis-biel.ch\/","name":"Wundpraxis Biel","description":"","publisher":{"@id":"https:\/\/wundpraxis-biel.ch\/#organization"},"potentialAction":[{"@type":"SearchAction","target":{"@type":"EntryPoint","urlTemplate":"https:\/\/wundpraxis-biel.ch\/?s={search_term_string}"},"query-input":{"@type":"PropertyValueSpecification","valueRequired":true,"valueName":"search_term_string"}}],"inLanguage":"fr-FR"},{"@type":"Organization","@id":"https:\/\/wundpraxis-biel.ch\/#organization","name":"Wundpraxis Biel","url":"https:\/\/wundpraxis-biel.ch\/","logo":{"@type":"ImageObject","inLanguage":"fr-FR","@id":"https:\/\/wundpraxis-biel.ch\/#\/schema\/logo\/image\/","url":"https:\/\/wundpraxis-biel.ch\/wp-content\/uploads\/2016\/10\/Wundpraxis_Biel.png","contentUrl":"https:\/\/wundpraxis-biel.ch\/wp-content\/uploads\/2016\/10\/Wundpraxis_Biel.png","width":417,"height":66,"caption":"Wundpraxis Biel"},"image":{"@id":"https:\/\/wundpraxis-biel.ch\/#\/schema\/logo\/image\/"}}]}},"_links":{"self":[{"href":"https:\/\/wundpraxis-biel.ch\/fr\/wp-json\/wp\/v2\/pages\/419","targetHints":{"allow":["GET"]}}],"collection":[{"href":"https:\/\/wundpraxis-biel.ch\/fr\/wp-json\/wp\/v2\/pages"}],"about":[{"href":"https:\/\/wundpraxis-biel.ch\/fr\/wp-json\/wp\/v2\/types\/page"}],"author":[{"embeddable":true,"href":"https:\/\/wundpraxis-biel.ch\/fr\/wp-json\/wp\/v2\/users\/1"}],"replies":[{"embeddable":true,"href":"https:\/\/wundpraxis-biel.ch\/fr\/wp-json\/wp\/v2\/comments?post=419"}],"version-history":[{"count":14,"href":"https:\/\/wundpraxis-biel.ch\/fr\/wp-json\/wp\/v2\/pages\/419\/revisions"}],"predecessor-version":[{"id":832,"href":"https:\/\/wundpraxis-biel.ch\/fr\/wp-json\/wp\/v2\/pages\/419\/revisions\/832"}],"wp:featuredmedia":[{"embeddable":true,"href":"https:\/\/wundpraxis-biel.ch\/fr\/wp-json\/wp\/v2\/media\/794"}],"wp:attachment":[{"href":"https:\/\/wundpraxis-biel.ch\/fr\/wp-json\/wp\/v2\/media?parent=419"}],"curies":[{"name":"wp","href":"https:\/\/api.w.org\/{rel}","templated":true}]}}